{"id":1112,"date":"2025-08-11T08:16:05","date_gmt":"2025-08-11T12:16:05","guid":{"rendered":"https:\/\/sindicatoapag.cl\/sitio\/?page_id=1112"},"modified":"2025-08-11T08:19:28","modified_gmt":"2025-08-11T12:19:28","slug":"2-directiva","status":"publish","type":"page","link":"https:\/\/sindicatoapag.cl\/sitio\/2-directiva\/","title":{"rendered":"Directiva"},"content":{"rendered":"<p><img loading=\"lazy\" decoding=\"async\" class=\"alignnone size-full wp-image-121\" src=\"https:\/\/sindicatoapag.cl\/sitio\/wp-content\/uploads\/2021\/03\/banner-directiva-v2.png\" alt=\"\" width=\"660\" height=\"351\" srcset=\"https:\/\/sindicatoapag.cl\/sitio\/wp-content\/uploads\/2021\/03\/banner-directiva-v2.png 660w, https:\/\/sindicatoapag.cl\/sitio\/wp-content\/uploads\/2021\/03\/banner-directiva-v2-300x160.png 300w, https:\/\/sindicatoapag.cl\/sitio\/wp-content\/uploads\/2021\/03\/banner-directiva-v2-310x165.png 310w\" sizes=\"auto, (max-width: 660px) 100vw, 660px\" \/><\/p>\n<p>&nbsp;<\/p>\n<table style=\"width: 93.4546%;\" border=\"0\" width=\"660\" cellspacing=\"0\" cellpadding=\"0\">\n<tbody>\n<tr>\n<td style=\"width: 37.2676%;\" valign=\"top\" width=\"250\"><img loading=\"lazy\" decoding=\"async\" src=\"https:\/\/sindicatoapag.cl\/sitio\/wp-content\/uploads\/2023\/05\/aledjandro-apagf.png\" width=\"250\" height=\"339\" longdesc=\"https:\/\/sindicatoapag.cl\/sitio\/wp-content\/uploads\/2023\/05\/aledjandro-apagf.png\" \/><\/td>\n<td style=\"width: 1.29702%;\" width=\"20\"><\/td>\n<td style=\"width: 77.8771%;\" valign=\"top\" width=\"390\"><span style=\"font-family: arial, helvetica, sans-serif;\"><strong>Alejandro Lagos Mu\u00f1oz<br \/>\n<\/strong>Presidente<\/span><br \/>\n<span style=\"font-family: arial, helvetica, sans-serif;\"><a href=\"mailto:sindicatoautoplanet@gmail.com\">sindicatoautoplanet@gmail.com<\/a><\/span><br \/>\n<span style=\"font-family: arial, helvetica, sans-serif;\">Fono\/Whatsapp:<br \/>\n<span style=\"color: #0000ff;\"><a style=\"color: #0000ff;\" href=\"tel:+56974787404\">+56 9 7478 7404<\/a><\/span><\/span><br \/>\n<span style=\"font-family: arial, helvetica, sans-serif;\"><a href=\"https:\/\/sindicatoapag.cl\/sitio\/contacto\/\" target=\"_parent\" rel=\"noopener\">Contacto<\/a><\/span><\/td>\n<\/tr>\n<tr>\n<td style=\"width: 37.2676%;\" valign=\"top\" width=\"250\"><\/td>\n<td style=\"width: 1.29702%;\" width=\"20\"><\/td>\n<td style=\"width: 77.8771%;\" width=\"390\"><\/td>\n<\/tr>\n<tr>\n<td style=\"width: 37.2676%;\" valign=\"top\" width=\"250\"><img loading=\"lazy\" decoding=\"async\" class=\"size-full wp-image-682 alignleft\" src=\"https:\/\/sindicatoapag.cl\/sitio\/wp-content\/uploads\/2024\/09\/jl-correo.jpg\" alt=\"\" width=\"250\" height=\"339\" srcset=\"https:\/\/sindicatoapag.cl\/sitio\/wp-content\/uploads\/2024\/09\/jl-correo.jpg 250w, https:\/\/sindicatoapag.cl\/sitio\/wp-content\/uploads\/2024\/09\/jl-correo-221x300.jpg 221w\" sizes=\"auto, (max-width: 250px) 100vw, 250px\" \/><\/td>\n<td style=\"width: 1.29702%;\" width=\"20\"><\/td>\n<td style=\"width: 77.8771%;\" valign=\"top\" width=\"390\"><strong>Jos\u00e9 Luis Correa Hinojosa<br \/>\n<\/strong>Secretario<br \/>\n<a href=\"mailto:sindicatoautoplanet@gmail.com\">sindicatoautoplanet@gmail.com<\/a><br \/>\nFono\/Whatsapp:<br \/>\n<span style=\"color: #0000ff;\"><a style=\"color: #0000ff;\" href=\"tel:+56961912612\">+56 9 6191 2612<\/a><\/span><br \/>\n<a style=\"font-family: inherit; font-size: inherit;\" href=\"https:\/\/sindicatoapag.cl\/sitio\/contacto\/\" target=\"_parent\" rel=\"noopener\">Contacto<\/a><\/td>\n<\/tr>\n<tr>\n<td style=\"width: 37.2676%;\" valign=\"top\" width=\"250\"><\/td>\n<td style=\"width: 1.29702%;\" width=\"20\"><\/td>\n<td style=\"width: 77.8771%;\" width=\"390\"><\/td>\n<\/tr>\n<tr>\n<td style=\"width: 37.2676%;\" valign=\"top\" width=\"250\"><img loading=\"lazy\" decoding=\"async\" src=\"https:\/\/sindicatoapag.cl\/sitio\/wp-content\/uploads\/2023\/05\/belen-apag.png\" width=\"250\" height=\"339\" longdesc=\"https:\/\/sindicatoapag.cl\/sitio\/wp-content\/uploads\/2023\/05\/belen-apag.png\" \/><\/td>\n<td style=\"width: 1.29702%;\" width=\"20\"><\/td>\n<td style=\"width: 77.8771%;\" valign=\"top\" width=\"390\"><strong>Bel\u00e9n Mu\u00f1oz Sep\u00falveda<br \/>\n<\/strong>Tesorera<br \/>\n<a href=\"mailto:sindicatoautoplanet@gmail.com\">sindicatoautoplanet@gmail.com<\/a><br \/>\nFono\/Whatsapp:<br \/>\n<span style=\"color: #0000ff;\"><a style=\"color: #0000ff;\" href=\"tel:+56961912612\">+56 9 8925 7645<\/a><\/span><br \/>\n<a href=\"https:\/\/sindicatoapag.cl\/sitio\/contacto\/\" target=\"_parent\" rel=\"noopener\">Contacto<\/a><\/td>\n<\/tr>\n<tr>\n<td style=\"width: 37.2676%;\" valign=\"top\" width=\"250\"><\/td>\n<td style=\"width: 1.29702%;\" width=\"20\"><\/td>\n<td style=\"width: 77.8771%;\" width=\"390\"><\/td>\n<\/tr>\n<tr>\n<td style=\"width: 37.2676%;\" valign=\"top\" width=\"250\"><img loading=\"lazy\" decoding=\"async\" src=\"https:\/\/sindicatoapag.cl\/sitio\/wp-content\/uploads\/2023\/05\/dirigente3-apag.png\" width=\"250\" height=\"339\" longdesc=\"https:\/\/sindicatoapag.cl\/sitio\/wp-content\/uploads\/2023\/05\/dirigente3-apag.png\" \/><\/td>\n<td style=\"width: 1.29702%;\" width=\"20\"><\/td>\n<td style=\"width: 77.8771%;\" valign=\"top\" width=\"390\"><strong>Rub\u00e9n Pino Aguilera<\/strong><br \/>\nDirector Sindical<br \/>\n<a href=\"mailto:sindicatoautoplanet@gmail.com\">sindicatoautoplanet@gmail.com<\/a><br \/>\nFono\/Whatsapp:<br \/>\n<span style=\"color: #0000ff;\"><a style=\"color: #0000ff;\" href=\"tel:+56925422548\">+56 9\u00a0 2542 2548<\/a><\/span><br \/>\n<a href=\"https:\/\/sindicatoapag.cl\/sitio\/contacto\/\" target=\"_parent\" rel=\"noopener\">Contacto<\/a><\/td>\n<\/tr>\n<tr>\n<td style=\"width: 37.2676%;\" valign=\"top\" width=\"250\"><\/td>\n<td style=\"width: 1.29702%;\" width=\"20\"><\/td>\n<td style=\"width: 77.8771%;\" width=\"390\"><\/td>\n<\/tr>\n<tr>\n<td style=\"width: 37.2676%;\" valign=\"top\" width=\"250\"><\/td>\n<td style=\"width: 1.29702%;\" width=\"20\"><\/td>\n<td style=\"width: 77.8771%;\" valign=\"top\" width=\"390\"><\/td>\n<\/tr>\n<\/tbody>\n<\/table>\n","protected":false},"excerpt":{"rendered":"<p>&nbsp; Alejandro Lagos Mu\u00f1oz Presidente sindicatoautoplanet@gmail.com Fono\/Whatsapp: +56 9 7478 7404 Contacto Jos\u00e9 Luis Correa Hinojosa Secretario sindicatoautoplanet@gmail.com Fono\/Whatsapp: +56 9 6191 2612 Contacto Bel\u00e9n Mu\u00f1oz Sep\u00falveda Tesorera sindicatoautoplanet@gmail.com Fono\/Whatsapp: +56 9 8925 7645 Contacto Rub\u00e9n Pino Aguilera Director Sindical sindicatoautoplanet@gmail.com Fono\/Whatsapp: +56 9\u00a0 2542 2548 Contacto<\/p>\n","protected":false},"author":1,"featured_media":121,"parent":0,"menu_order":0,"comment_status":"closed","ping_status":"closed","template":"","meta":{"footnotes":""},"class_list":["post-1112","page","type-page","status-publish","has-post-thumbnail",""],"publishpress_future_action":{"enabled":false,"date":"2026-05-06 19:37:01","action":"change-status","newStatus":"draft","terms":[],"taxonomy":"","extraData":[]},"publishpress_future_workflow_manual_trigger":{"enabledWorkflows":[]},"_links":{"self":[{"href":"https:\/\/sindicatoapag.cl\/sitio\/wp-json\/wp\/v2\/pages\/1112","targetHints":{"allow":["GET"]}}],"collection":[{"href":"https:\/\/sindicatoapag.cl\/sitio\/wp-json\/wp\/v2\/pages"}],"about":[{"href":"https:\/\/sindicatoapag.cl\/sitio\/wp-json\/wp\/v2\/types\/page"}],"author":[{"embeddable":true,"href":"https:\/\/sindicatoapag.cl\/sitio\/wp-json\/wp\/v2\/users\/1"}],"replies":[{"embeddable":true,"href":"https:\/\/sindicatoapag.cl\/sitio\/wp-json\/wp\/v2\/comments?post=1112"}],"version-history":[{"count":4,"href":"https:\/\/sindicatoapag.cl\/sitio\/wp-json\/wp\/v2\/pages\/1112\/revisions"}],"predecessor-version":[{"id":1146,"href":"https:\/\/sindicatoapag.cl\/sitio\/wp-json\/wp\/v2\/pages\/1112\/revisions\/1146"}],"wp:featuredmedia":[{"embeddable":true,"href":"https:\/\/sindicatoapag.cl\/sitio\/wp-json\/wp\/v2\/media\/121"}],"wp:attachment":[{"href":"https:\/\/sindicatoapag.cl\/sitio\/wp-json\/wp\/v2\/media?parent=1112"}],"curies":[{"name":"wp","href":"https:\/\/api.w.org\/{rel}","templated":true}]}}